{"id":2914,"date":"2025-08-21T10:56:57","date_gmt":"2025-08-21T08:56:57","guid":{"rendered":"https:\/\/ff-arnsberg.de\/wordpress\/?page_id=2914"},"modified":"2025-08-23T07:08:46","modified_gmt":"2025-08-23T05:08:46","slug":"geschichte","status":"publish","type":"page","link":"https:\/\/ff-arnsberg.de\/wordpress\/geschichte\/","title":{"rendered":"Geschichte"},"content":{"rendered":"\t\t<div data-elementor-type=\"wp-page\" data-elementor-id=\"2914\" class=\"elementor elementor-2914\">\n\t\t\t\t<div class=\"elementor-element elementor-element-13925ac3 e-flex e-con-boxed e-con e-parent\" data-id=\"13925ac3\" data-element_type=\"container\" data-e-type=\"container\" data-settings=\"{&quot;background_background&quot;:&quot;classic&quot;}\">\n\t\t\t\t\t<div class=\"e-con-inner\">\n\t\t<div class=\"elementor-element elementor-element-1eb31fe3 e-con-full e-flex e-con e-child\" data-id=\"1eb31fe3\" data-element_type=\"container\" data-e-type=\"container\">\n\t\t\t\t<div class=\"elementor-element elementor-element-3183d3e3 elementor-widget elementor-widget-heading\" data-id=\"3183d3e3\" data-element_type=\"widget\" data-e-type=\"widget\" data-widget_type=\"heading.default\">\n\t\t\t\t<div class=\"elementor-widget-container\">\n\t\t\t\t\t<h1 class=\"elementor-heading-title elementor-size-default\">Geschichte<\/h1>\t\t\t\t<\/div>\n\t\t\t\t<\/div>\n\t\t\t\t<div class=\"elementor-element elementor-element-1e270f3f elementor-widget elementor-widget-heading\" data-id=\"1e270f3f\" data-element_type=\"widget\" data-e-type=\"widget\" data-widget_type=\"heading.default\">\n\t\t\t\t<div class=\"elementor-widget-container\">\n\t\t\t\t\t<h6 class=\"elementor-heading-title elementor-size-default\">der Feuerwehr Arnsberg seit 1876<\/h6>\t\t\t\t<\/div>\n\t\t\t\t<\/div>\n\t\t\t\t<\/div>\n\t\t\t\t\t<\/div>\n\t\t\t\t<\/div>\n\t\t<div class=\"elementor-element elementor-element-7b05ccd e-flex e-con-boxed e-con e-parent\" data-id=\"7b05ccd\" data-element_type=\"container\" data-e-type=\"container\">\n\t\t\t\t\t<div class=\"e-con-inner\">\n\t\t\t\t<div class=\"elementor-element elementor-element-a54cc3e elementor-arrows-position-inside elementor-pagination-position-outside elementor-widget elementor-widget-image-carousel\" data-id=\"a54cc3e\" data-element_type=\"widget\" data-e-type=\"widget\" data-settings=\"{&quot;navigation&quot;:&quot;both&quot;,&quot;autoplay&quot;:&quot;yes&quot;,&quot;pause_on_hover&quot;:&quot;yes&quot;,&quot;pause_on_interaction&quot;:&quot;yes&quot;,&quot;autoplay_speed&quot;:5000,&quot;infinite&quot;:&quot;yes&quot;,&quot;speed&quot;:500}\" data-widget_type=\"image-carousel.default\">\n\t\t\t\t<div class=\"elementor-widget-container\">\n\t\t\t\t\t            <div class=\"elementor-image-carousel-wrapper swiper\" role=\"region\" aria-roledescription=\"carousel\" aria-label=\"Ger\u00e4tehaus\" dir=\"ltr\">\n                <div class=\"elementor-image-carousel swiper-wrapper\" aria-live=\"off\">\n\t\t\t\t\t\t\t\t\t\t<div class=\"swiper-slide\"><figure class=\"swiper-slide-inner\"><img decoding=\"async\" class=\"swiper-slide-image\" src=\"https:\/\/ff-arnsberg.de\/wordpress\/wp-content\/uploads\/2025\/08\/Chronik_2016_-2-300x225.jpg\" alt=\"Feuerwehrger\u00e4tehaus am Schlosssteig, ca. 1965.\" \/><figcaption class=\"elementor-image-carousel-caption\">Feuerwehrger\u00e4tehaus am Schlosssteig, ca. 1965.<\/figcaption><\/figure><\/div><div class=\"swiper-slide\"><figure class=\"swiper-slide-inner\"><img decoding=\"async\" class=\"swiper-slide-image\" src=\"https:\/\/ff-arnsberg.de\/wordpress\/wp-content\/uploads\/2025\/08\/Chronik_2016_-3-300x225.jpg\" alt=\"Feuerwehrger\u00e4tehaus am Zehentstadel bis 1986\" \/><figcaption class=\"elementor-image-carousel-caption\">Feuerwehrger\u00e4tehaus am Zehentstadel bis 1986<\/figcaption><\/figure><\/div><div class=\"swiper-slide\"><figure class=\"swiper-slide-inner\"><img decoding=\"async\" class=\"swiper-slide-image\" src=\"https:\/\/ff-arnsberg.de\/wordpress\/wp-content\/uploads\/2025\/08\/Chronik_2016_-4-300x225.jpg\" alt=\"Das neue Ger\u00e4tehaus erbaut 1986\/87 in Eigenleistung\" \/><figcaption class=\"elementor-image-carousel-caption\"> Das neue Ger\u00e4tehaus erbaut 1986\/87 in Eigenleistung<\/figcaption><\/figure><\/div><div class=\"swiper-slide\"><figure class=\"swiper-slide-inner\"><img decoding=\"async\" class=\"swiper-slide-image\" src=\"https:\/\/ff-arnsberg.de\/wordpress\/wp-content\/uploads\/2025\/08\/Chronik_2016_-5-300x225.jpg\" alt=\"aktuell\" \/><figcaption class=\"elementor-image-carousel-caption\">aktuell<\/figcaption><\/figure><\/div><div class=\"swiper-slide\"><figure class=\"swiper-slide-inner\"><img decoding=\"async\" class=\"swiper-slide-image\" src=\"https:\/\/ff-arnsberg.de\/wordpress\/wp-content\/uploads\/2025\/08\/Chronik_2016_-25-300x169.jpg\" alt=\"Einblick in die Halle\" \/><figcaption class=\"elementor-image-carousel-caption\">Einblick in die Halle<\/figcaption><\/figure><\/div><div class=\"swiper-slide\"><figure class=\"swiper-slide-inner\"><img decoding=\"async\" class=\"swiper-slide-image\" src=\"https:\/\/ff-arnsberg.de\/wordpress\/wp-content\/uploads\/2025\/08\/Chronik_2016_-26-300x225.jpg\" alt=\"Einblick in die Halle\" \/><figcaption class=\"elementor-image-carousel-caption\">Einblick in die Halle<\/figcaption><\/figure><\/div><div class=\"swiper-slide\"><figure class=\"swiper-slide-inner\"><img decoding=\"async\" class=\"swiper-slide-image\" src=\"https:\/\/ff-arnsberg.de\/wordpress\/wp-content\/uploads\/2025\/08\/Chronik_2016_-87-176x300.jpg\" alt=\"Signalhorn aus der Anfangszeit\" \/><figcaption class=\"elementor-image-carousel-caption\">Signalhorn aus der Anfangszeit<\/figcaption><\/figure><\/div><div class=\"swiper-slide\"><figure class=\"swiper-slide-inner\"><img decoding=\"async\" class=\"swiper-slide-image\" src=\"https:\/\/ff-arnsberg.de\/wordpress\/wp-content\/uploads\/2025\/08\/Chronik_2016_-14-300x192.jpg\" alt=\"Uniform aus der Anfangszeit\" \/><figcaption class=\"elementor-image-carousel-caption\">Uniform aus der Anfangszeit<\/figcaption><\/figure><\/div>                <\/div>\n\t\t\t\t\t\t\t\t\t                        <div class=\"swiper-pagination\"><\/div>\n\t\t\t\t\t\t\t\t\t\t                        <div class=\"elementor-swiper-button elementor-swiper-button-prev\">\n                            <i class=\"eicon-chevron-left\" aria-hidden=\"true\"><\/i>\n                            <span class=\"elementor-screen-only\">Zur\u00fcck<\/span>\n                        <\/div>\n                        <div class=\"elementor-swiper-button elementor-swiper-button-next\">\n                            <i class=\"eicon-chevron-right\" aria-hidden=\"true\"><\/i>\n                            <span class=\"elementor-screen-only\">Weiter<\/span>\n                        <\/div>\n\t\t\t\t\t\t\t\t\t            <\/div>\n\t\t\t\t\t\t\t<\/div>\n\t\t\t\t<\/div>\n\t\t\t\t<div class=\"elementor-element elementor-element-5914a30 elementor-widget elementor-widget-timeline-widget-addon\" data-id=\"5914a30\" data-element_type=\"widget\" data-e-type=\"widget\" data-widget_type=\"timeline-widget-addon.default\">\n\t\t\t\t<div class=\"elementor-widget-container\">\n\t\t\t\t\t<!-- ========= Timeline Widget Addon For Elementor 1.6.24 ========= -->\n<div id=\"twae-wrapper-5914a30\" class=\"twae-vertical twae-wrapper  twae-both-sided\">   \n    <div class=\"twae-start\"><\/div>    \n    <div id=\"twea-timeline-5914a30\" class=\"twae-timeline\" ><!-- Start of Story Repeater Content --><div id=\"story-9ddfe57\" class=\"twae-story twae-repeater-item twae-story-right twae-story-no-icon\"><!-- Story Label --><div class=\"twae-labels\"><div class=\"twae-label-big\">1876<\/div><div class=\"twae-label-small\">Gr\u00fcndung<\/div><\/div><!-- Story Icon --><div class=\"twae-icon\"><i aria-hidden=\"true\" class=\"far fa-clock\"><\/i><\/div><!-- Story Arrow --><div class=\"twae-arrow\"><\/div><!-- Start of Story Content --><div class=\"twae-content\"><!-- Story Title --><div class=\"twae-title\">Gr\u00fcndung der Freiwilligen Feuerwehr Arnsberg<\/div><\/div><\/div><!-- Start of Story Repeater Content --><div id=\"story-178b78c\" class=\"twae-story twae-repeater-item twae-story-left twae-story-no-icon\"><!-- Story Label --><div class=\"twae-labels\"><div class=\"twae-label-big\">1954<\/div><div class=\"twae-label-small\">Erste Motorbetriebene Spritze<\/div><\/div><!-- Story Icon --><div class=\"twae-icon\"><i aria-hidden=\"true\" class=\"far fa-clock\"><\/i><\/div><!-- Story Arrow --><div class=\"twae-arrow\"><\/div><!-- Start of Story Content --><div class=\"twae-content\"><!-- Story Title --><div class=\"twae-title\">TS 8\/8 Bachert<\/div><\/div><\/div><!-- Start of Story Repeater Content --><div id=\"story-4dc62f7\" class=\"twae-story twae-repeater-item twae-story-right twae-story-no-icon\"><!-- Story Label --><div class=\"twae-labels\"><div class=\"twae-label-big\">1993<\/div><div class=\"twae-label-small\">Fahnenweihe<\/div><\/div><!-- Story Icon --><div class=\"twae-icon\"><i aria-hidden=\"true\" class=\"far fa-clock\"><\/i><\/div><!-- Story Arrow --><div class=\"twae-arrow\"><\/div><!-- Start of Story Content --><div class=\"twae-content\"><!-- Story Title --><div class=\"twae-title\">Fahnenweihe<\/div><\/div><\/div><!-- Start of Story Repeater Content --><div id=\"story-ce5f8c5\" class=\"twae-story twae-repeater-item twae-story-left twae-story-no-icon\"><!-- Story Label --><div class=\"twae-labels\"><div class=\"twae-label-big\">1994<\/div><div class=\"twae-label-small\">Neue Tragkraftspritze<\/div><\/div><!-- Story Icon --><div class=\"twae-icon\"><i aria-hidden=\"true\" class=\"far fa-clock\"><\/i><\/div><!-- Story Arrow --><div class=\"twae-arrow\"><\/div><!-- Start of Story Content --><div class=\"twae-content\"><!-- Story Title --><div class=\"twae-title\">Rosenbauer<\/div><!-- Story Image --><div class=\"twae-media medium\"><img fetchpriority=\"high\" decoding=\"async\" width=\"300\" height=\"225\" src=\"https:\/\/ff-arnsberg.de\/wordpress\/wp-content\/uploads\/2025\/08\/Chronik_2016_-13-300x225.jpg\" class=\"attachment-medium size-medium\" alt=\"\" srcset=\"https:\/\/ff-arnsberg.de\/wordpress\/wp-content\/uploads\/2025\/08\/Chronik_2016_-13-300x225.jpg 300w, https:\/\/ff-arnsberg.de\/wordpress\/wp-content\/uploads\/2025\/08\/Chronik_2016_-13-1024x768.jpg 1024w, https:\/\/ff-arnsberg.de\/wordpress\/wp-content\/uploads\/2025\/08\/Chronik_2016_-13-768x576.jpg 768w, https:\/\/ff-arnsberg.de\/wordpress\/wp-content\/uploads\/2025\/08\/Chronik_2016_-13-1536x1152.jpg 1536w, https:\/\/ff-arnsberg.de\/wordpress\/wp-content\/uploads\/2025\/08\/Chronik_2016_-13.jpg 1937w\" sizes=\"(max-width: 300px) 100vw, 300px\" \/><\/div><!-- Story Description --><div class=\"twae-description\"><p>Zum 40-J\u00e4hrigen Dienstjubil\u00e4um unserer alten Tragkraftspritze Bachert TS 8\/8<span style=\"color: #7a7a7a;font-style: inherit;font-weight: inherit\">\u00a0erhielt die Arnsberger Wehr eine Neue.<\/span><\/p><\/div><\/div><\/div><!-- Start of Story Repeater Content --><div id=\"story-e89f545\" class=\"twae-story twae-repeater-item twae-story-right twae-story-no-icon\"><!-- Story Label --><div class=\"twae-labels\"><div class=\"twae-label-big\">2001<\/div><div class=\"twae-label-small\">125 Jahre<\/div><\/div><!-- Story Icon --><div class=\"twae-icon\"><i aria-hidden=\"true\" class=\"far fa-clock\"><\/i><\/div><!-- Story Arrow --><div class=\"twae-arrow\"><\/div><!-- Start of Story Content --><div class=\"twae-content\"><!-- Story Title --><div class=\"twae-title\">Fest zum 125-J\u00e4hrigen bestehen<\/div><!-- Story Image --><div class=\"twae-media full\"><img decoding=\"async\" width=\"2408\" height=\"1093\" src=\"https:\/\/ff-arnsberg.de\/wordpress\/wp-content\/uploads\/2025\/08\/2001_125j.png\" class=\"attachment-full size-full\" alt=\"\" srcset=\"https:\/\/ff-arnsberg.de\/wordpress\/wp-content\/uploads\/2025\/08\/2001_125j.png 2408w, https:\/\/ff-arnsberg.de\/wordpress\/wp-content\/uploads\/2025\/08\/2001_125j-300x136.png 300w, https:\/\/ff-arnsberg.de\/wordpress\/wp-content\/uploads\/2025\/08\/2001_125j-1024x465.png 1024w, https:\/\/ff-arnsberg.de\/wordpress\/wp-content\/uploads\/2025\/08\/2001_125j-768x349.png 768w, https:\/\/ff-arnsberg.de\/wordpress\/wp-content\/uploads\/2025\/08\/2001_125j-1536x697.png 1536w, https:\/\/ff-arnsberg.de\/wordpress\/wp-content\/uploads\/2025\/08\/2001_125j-2048x930.png 2048w\" sizes=\"(max-width: 2408px) 100vw, 2408px\" \/><\/div><\/div><\/div><!-- Start of Story Repeater Content --><div id=\"story-2d309e4\" class=\"twae-story twae-repeater-item twae-story-left twae-story-no-icon\"><!-- Story Label --><div class=\"twae-labels\"><div class=\"twae-label-big\">2006<\/div><div class=\"twae-label-small\">Fahrzeugweihe<\/div><\/div><!-- Story Icon --><div class=\"twae-icon\"><i aria-hidden=\"true\" class=\"far fa-clock\"><\/i><\/div><!-- Story Arrow --><div class=\"twae-arrow\"><\/div><!-- Start of Story Content --><div class=\"twae-content\"><!-- Story Title --><div class=\"twae-title\">Fahrzeugweihe<\/div><!-- Story Image --><div class=\"twae-media medium_large\"><img decoding=\"async\" width=\"768\" height=\"463\" src=\"https:\/\/ff-arnsberg.de\/wordpress\/wp-content\/uploads\/2025\/08\/Chronik_2016_-19-768x463.jpg\" class=\"attachment-medium_large size-medium_large\" alt=\"\" srcset=\"https:\/\/ff-arnsberg.de\/wordpress\/wp-content\/uploads\/2025\/08\/Chronik_2016_-19-768x463.jpg 768w, https:\/\/ff-arnsberg.de\/wordpress\/wp-content\/uploads\/2025\/08\/Chronik_2016_-19-300x181.jpg 300w, https:\/\/ff-arnsberg.de\/wordpress\/wp-content\/uploads\/2025\/08\/Chronik_2016_-19-1024x618.jpg 1024w, https:\/\/ff-arnsberg.de\/wordpress\/wp-content\/uploads\/2025\/08\/Chronik_2016_-19-1536x927.jpg 1536w, https:\/\/ff-arnsberg.de\/wordpress\/wp-content\/uploads\/2025\/08\/Chronik_2016_-19.jpg 1937w\" sizes=\"(max-width: 768px) 100vw, 768px\" \/><\/div><\/div><\/div><!-- Start of Story Repeater Content --><div id=\"story-8856a33\" class=\"twae-story twae-repeater-item twae-story-right twae-story-no-icon\"><!-- Story Label --><div class=\"twae-labels\"><div class=\"twae-label-big\">2016<\/div><div class=\"twae-label-small\">140 Jahre<\/div><\/div><!-- Story Icon --><div class=\"twae-icon\"><i aria-hidden=\"true\" class=\"far fa-clock\"><\/i><\/div><!-- Story Arrow --><div class=\"twae-arrow\"><\/div><!-- Start of Story Content --><div class=\"twae-content\"><!-- Story Title --><div class=\"twae-title\">Fest zum 140-J\u00e4hrigen bestehen<\/div><\/div><\/div><!-- Start of Story Repeater Content --><div id=\"story-5a59712\" class=\"twae-story twae-repeater-item twae-story-left twae-story-no-icon\"><!-- Story Label --><div class=\"twae-labels\"><div class=\"twae-label-big\">2026<\/div><div class=\"twae-label-small\">150 Jahre<\/div><\/div><!-- Story Icon --><div class=\"twae-icon\"><i aria-hidden=\"true\" class=\"far fa-clock\"><\/i><\/div><!-- Story Arrow --><div class=\"twae-arrow\"><\/div><!-- Start of Story Content --><div class=\"twae-content\"><!-- Story Title --><div class=\"twae-title\">Fest zum 150-J\u00e4hrigen bestehen<\/div><\/div><\/div><\/div>\n    <div class=\"twae-end\"><\/div>\n    <\/div><style type=\"text\/css\">@media (max-width: 1024px){ .twae-wrapper{--tw-ybx-size: 80px !important;}}@media (max-width: 767px){ .twae-wrapper{--tw-ybx-size: 80px !important}}<\/style>\t\t\t\t<\/div>\n\t\t\t\t<\/div>\n\t\t\t\t\t<\/div>\n\t\t\t\t<\/div>\n\t\t<div class=\"elementor-element elementor-element-045c2ae e-flex e-con-boxed e-con e-parent\" data-id=\"045c2ae\" data-element_type=\"container\" data-e-type=\"container\">\n\t\t\t\t\t<div class=\"e-con-inner\">\n\t\t\t\t\t<\/div>\n\t\t\t\t<\/div>\n\t\t\t\t<\/div>\n\t\t","protected":false},"excerpt":{"rendered":"<p>Geschichte der Feuerwehr Arnsberg seit 1876 Feuerwehrger\u00e4tehaus am Schlosssteig, ca. 1965. Feuerwehrger\u00e4tehaus am Zehentstadel bis 1986 Das neue Ger\u00e4tehaus erbaut 1986\/87 in Eigenleistung aktuell Einblick in die Halle Einblick in die Halle Signalhorn aus der Anfangszeit Uniform aus der Anfangszeit 1876Gr\u00fcndungGr\u00fcndung der Freiwilligen Feuerwehr Arnsberg1954Erste Motorbetriebene SpritzeTS 8\/8 Bachert1993FahnenweiheFahnenweihe1994Neue TragkraftspritzeRosenbauer Zum 40-J\u00e4hrigen Dienstjubil\u00e4um unserer alten [&hellip;]<\/p>\n","protected":false},"author":1,"featured_media":0,"parent":0,"menu_order":0,"comment_status":"closed","ping_status":"closed","template":"","meta":{"site-sidebar-layout":"no-sidebar","site-content-layout":"page-builder","ast-site-content-layout":"full-width-container","site-content-style":"default","site-sidebar-style":"default","ast-global-header-display":"","ast-banner-title-visibility":"","ast-main-header-display":"","ast-hfb-above-header-display":"","ast-hfb-below-header-display":"","ast-hfb-mobile-header-display":"","site-post-title":"disabled","ast-breadcrumbs-content":"","ast-featured-img":"disabled","footer-sml-layout":"","theme-transparent-header-meta":"","adv-header-id-meta":"","stick-header-meta":"","header-above-stick-meta":"","header-main-stick-meta":"","header-below-stick-meta":"","astra-migrate-meta-layouts":"default","ast-page-background-enabled":"default","ast-page-background-meta":{"desktop":{"background-color":"","background-image":"","background-repeat":"repeat","background-position":"center center","background-size":"auto","background-attachment":"scroll","background-type":"","background-media":"","overlay-type":"","overlay-color":"","overlay-opacity":"","overlay-gradient":""},"tablet":{"background-color":"","background-image":"","background-repeat":"repeat","background-position":"center center","background-size":"auto","background-attachment":"scroll","background-type":"","background-media":"","overlay-type":"","overlay-color":"","overlay-opacity":"","overlay-gradient":""},"mobile":{"background-color":"","background-image":"","background-repeat":"repeat","background-position":"center center","background-size":"auto","background-attachment":"scroll","background-type":"","background-media":"","overlay-type":"","overlay-color":"","overlay-opacity":"","overlay-gradient":""}},"ast-content-background-meta":{"desktop":{"background-color":"var(--ast-global-color-5)","background-image":"","background-repeat":"repeat","background-position":"center center","background-size":"auto","background-attachment":"scroll","background-type":"","background-media":"","overlay-type":"","overlay-color":"","overlay-opacity":"","overlay-gradient":""},"tablet":{"background-color":"var(--ast-global-color-5)","background-image":"","background-repeat":"repeat","background-position":"center center","background-size":"auto","background-attachment":"scroll","background-type":"","background-media":"","overlay-type":"","overlay-color":"","overlay-opacity":"","overlay-gradient":""},"mobile":{"background-color":"var(--ast-global-color-5)","background-image":"","background-repeat":"repeat","background-position":"center center","background-size":"auto","background-attachment":"scroll","background-type":"","background-media":"","overlay-type":"","overlay-color":"","overlay-opacity":"","overlay-gradient":""}},"footnotes":""},"class_list":["post-2914","page","type-page","status-publish","hentry"],"_links":{"self":[{"href":"https:\/\/ff-arnsberg.de\/wordpress\/wp-json\/wp\/v2\/pages\/2914","targetHints":{"allow":["GET"]}}],"collection":[{"href":"https:\/\/ff-arnsberg.de\/wordpress\/wp-json\/wp\/v2\/pages"}],"about":[{"href":"https:\/\/ff-arnsberg.de\/wordpress\/wp-json\/wp\/v2\/types\/page"}],"author":[{"embeddable":true,"href":"https:\/\/ff-arnsberg.de\/wordpress\/wp-json\/wp\/v2\/users\/1"}],"replies":[{"embeddable":true,"href":"https:\/\/ff-arnsberg.de\/wordpress\/wp-json\/wp\/v2\/comments?post=2914"}],"version-history":[{"count":16,"href":"https:\/\/ff-arnsberg.de\/wordpress\/wp-json\/wp\/v2\/pages\/2914\/revisions"}],"predecessor-version":[{"id":3089,"href":"https:\/\/ff-arnsberg.de\/wordpress\/wp-json\/wp\/v2\/pages\/2914\/revisions\/3089"}],"wp:attachment":[{"href":"https:\/\/ff-arnsberg.de\/wordpress\/wp-json\/wp\/v2\/media?parent=2914"}],"curies":[{"name":"wp","href":"https:\/\/api.w.org\/{rel}","templated":true}]}}